{"id":33060,"date":"2020-01-22T22:17:33","date_gmt":"2020-01-23T01:17:33","guid":{"rendered":"https:\/\/alacip.org\/?post_type=todasponencias&#038;p=33060"},"modified":"2020-02-08T07:45:06","modified_gmt":"2020-02-08T10:45:06","slug":"activos-pasivos-y-apaticos-imaginarios","status":"publish","type":"todasponencias","link":"https:\/\/alacip.org\/?todasponencias=activos-pasivos-y-apaticos-imaginarios","title":{"rendered":"Activos, pasivos y ap\u00e1ticos: imaginarios de la poblaci\u00f3n costarricense sobre la pol\u00edtica y la democracia"},"content":{"rendered":"\n<p>A partir de una encuesta realizada por el Instituto de Estudios Sociales en Poblaci\u00f3n (IDESPO)   de   la   Universidad   Nacional   de   Costa   Rica   (UNA),   se   propone   unatipolog\u00eda   de   los   imaginarios   de   la   poblaci\u00f3n   costarricense   sobre   la   Pol\u00edtica   y   laDemocracia, con el prop\u00f3sito de visualizar las diferencias de matices presentes en lapoblaci\u00f3n al respecto.  <\/p>\n\n\n\n<!--more-->\n\n\n\n<div class=\"wp-block-button aligncenter\"><a class=\"wp-block-button__link has-background has-vivid-cyan-blue-background-color\" href=\"https:\/\/alacip.org\/cong13\/297-gonzalez-7c.pdf\">Descargar Archivo<\/a><\/div>\n","protected":false},"featured_media":0,"template":"","meta":{"_genesis_hide_title":false,"_genesis_hide_breadcrumbs":false,"_genesis_hide_singular_image":false,"_genesis_hide_footer_widgets":false,"_genesis_custom_body_class":"","_genesis_custom_post_class":"","_genesis_layout":""},"filtro":[134],"anocongresso":[140],"conginstituicion":[451],"areatema":[517],"class_list":{"0":"post-33060","1":"todasponencias","2":"type-todasponencias","3":"status-publish","5":"filtro-costa-rica","6":"anocongresso-140","7":"conginstituicion-unacostarica","8":"areatema-opinion-publica","9":"entry"},"_links":{"self":[{"href":"https:\/\/alacip.org\/index.php?rest_route=\/wp\/v2\/todasponencias\/33060","targetHints":{"allow":["GET"]}}],"collection":[{"href":"https:\/\/alacip.org\/index.php?rest_route=\/wp\/v2\/todasponencias"}],"about":[{"href":"https:\/\/alacip.org\/index.php?rest_route=\/wp\/v2\/types\/todasponencias"}],"wp:attachment":[{"href":"https:\/\/alacip.org\/index.php?rest_route=%2Fwp%2Fv2%2Fmedia&parent=33060"}],"wp:term":[{"taxonomy":"filtro","embeddable":true,"href":"https:\/\/alacip.org\/index.php?rest_route=%2Fwp%2Fv2%2Ffiltro&post=33060"},{"taxonomy":"anocongresso","embeddable":true,"href":"https:\/\/alacip.org\/index.php?rest_route=%2Fwp%2Fv2%2Fanocongresso&post=33060"},{"taxonomy":"conginstituicion","embeddable":true,"href":"https:\/\/alacip.org\/index.php?rest_route=%2Fwp%2Fv2%2Fconginstituicion&post=33060"},{"taxonomy":"areatema","embeddable":true,"href":"https:\/\/alacip.org\/index.php?rest_route=%2Fwp%2Fv2%2Fareatema&post=33060"}],"curies":[{"name":"wp","href":"https:\/\/api.w.org\/{rel}","templated":true}]}}