{"id":33136,"date":"2020-01-23T18:26:19","date_gmt":"2020-01-23T21:26:19","guid":{"rendered":"https:\/\/alacip.org\/?post_type=todasponencias&#038;p=33136"},"modified":"2020-01-24T22:21:41","modified_gmt":"2020-01-25T01:21:41","slug":"paradigmas-en-disputa-los-aportes","status":"publish","type":"todasponencias","link":"https:\/\/alacip.org\/?todasponencias=paradigmas-en-disputa-los-aportes","title":{"rendered":"Paradigmas en disputa: los aportes del neo-institucionalismo al an\u00e1lisis de pol\u00edticas p\u00fablicas"},"content":{"rendered":"\n<p>Con  la  crisis del  modelo  secuencial,  abierta  en  la  d\u00e9cada  de  1980,  se  han  multiplicado  los enfoques  te\u00f3ricos  de  an\u00e1lisis  de  pol\u00edticas  p\u00fablicas.  En  la  actualidad,  tres  paradigmas  dominan  el campo de estudio:  el  conductista, el  cognitivista y  el neo-institucionalista.  <\/p>\n\n\n\n<!--more-->\n\n\n\n<div class=\"wp-block-button aligncenter\"><a class=\"wp-block-button__link has-background has-vivid-cyan-blue-background-color\" href=\"https:\/\/alacip.org\/cong13\/372-fontaine-7c.pdf\">Descargar Archivo<\/a><\/div>\n","protected":false},"featured_media":0,"template":"","meta":{"_genesis_hide_title":false,"_genesis_hide_breadcrumbs":false,"_genesis_hide_singular_image":false,"_genesis_hide_footer_widgets":false,"_genesis_custom_body_class":"","_genesis_custom_post_class":"","_genesis_layout":""},"filtro":[107],"anocongresso":[140],"conginstituicion":[276],"areatema":[158],"class_list":{"0":"post-33136","1":"todasponencias","2":"type-todasponencias","3":"status-publish","5":"filtro-equador","6":"anocongresso-140","7":"conginstituicion-flsc-flacso","8":"areatema-admpulpo","9":"entry"},"_links":{"self":[{"href":"https:\/\/alacip.org\/index.php?rest_route=\/wp\/v2\/todasponencias\/33136","targetHints":{"allow":["GET"]}}],"collection":[{"href":"https:\/\/alacip.org\/index.php?rest_route=\/wp\/v2\/todasponencias"}],"about":[{"href":"https:\/\/alacip.org\/index.php?rest_route=\/wp\/v2\/types\/todasponencias"}],"wp:attachment":[{"href":"https:\/\/alacip.org\/index.php?rest_route=%2Fwp%2Fv2%2Fmedia&parent=33136"}],"wp:term":[{"taxonomy":"filtro","embeddable":true,"href":"https:\/\/alacip.org\/index.php?rest_route=%2Fwp%2Fv2%2Ffiltro&post=33136"},{"taxonomy":"anocongresso","embeddable":true,"href":"https:\/\/alacip.org\/index.php?rest_route=%2Fwp%2Fv2%2Fanocongresso&post=33136"},{"taxonomy":"conginstituicion","embeddable":true,"href":"https:\/\/alacip.org\/index.php?rest_route=%2Fwp%2Fv2%2Fconginstituicion&post=33136"},{"taxonomy":"areatema","embeddable":true,"href":"https:\/\/alacip.org\/index.php?rest_route=%2Fwp%2Fv2%2Fareatema&post=33136"}],"curies":[{"name":"wp","href":"https:\/\/api.w.org\/{rel}","templated":true}]}}