{"id":33428,"date":"2020-01-27T19:27:57","date_gmt":"2020-01-27T22:27:57","guid":{"rendered":"https:\/\/alacip.org\/?post_type=todasponencias&#038;p=33428"},"modified":"2020-01-27T21:34:55","modified_gmt":"2020-01-28T00:34:55","slug":"a-queda-de-fernando-lugo-da-presidenci","status":"publish","type":"todasponencias","link":"https:\/\/alacip.org\/?todasponencias=a-queda-de-fernando-lugo-da-presidenci","title":{"rendered":"A queda de Fernando Lugo da presid\u00eancia paraguaia: A a\u00e7\u00e3o do Congresso como ator com poder de veto oculto dentro de um mandato presidencial  2008-2012"},"content":{"rendered":"\n<p><\/p>\n\n\n\n<p> Nas  Ci\u00eancias  Pol\u00edticas,  o  fen\u00f4meno  democr\u00e1tico  \u00e9  observado  com  grande import\u00e2ncia,  uma  vez  que  se  determinam  v\u00e1rios  aspectos,  dentre  eles,  quais  seriam  os grupos  de  interesses  mais  relevantes  dentro  de  um  Estado,  quais  partidos  predominam ou  possuem  maior  tradi\u00e7\u00e3o  na  hist\u00f3ria  do  pa\u00eds  e  outros.  <\/p>\n\n\n\n<!--more-->\n\n\n\n<div class=\"wp-block-button aligncenter\"><a class=\"wp-block-button__link has-background has-vivid-cyan-blue-background-color\" href=\"https:\/\/alacip.org\/cong13\/664-leite-7cc.pdf\">Descargar Archivo<\/a><\/div>\n\n\n\n<p> <\/p>\n","protected":false},"featured_media":0,"template":"","meta":{"_genesis_hide_title":false,"_genesis_hide_breadcrumbs":false,"_genesis_hide_singular_image":false,"_genesis_hide_footer_widgets":false,"_genesis_custom_body_class":"","_genesis_custom_post_class":"","_genesis_layout":""},"filtro":[102],"anocongresso":[140],"conginstituicion":[153],"areatema":[391],"class_list":{"0":"post-33428","1":"todasponencias","2":"type-todasponencias","3":"status-publish","5":"filtro-brasil","6":"anocongresso-140","7":"conginstituicion-s","8":"areatema-politica-comparada","9":"entry"},"_links":{"self":[{"href":"https:\/\/alacip.org\/index.php?rest_route=\/wp\/v2\/todasponencias\/33428","targetHints":{"allow":["GET"]}}],"collection":[{"href":"https:\/\/alacip.org\/index.php?rest_route=\/wp\/v2\/todasponencias"}],"about":[{"href":"https:\/\/alacip.org\/index.php?rest_route=\/wp\/v2\/types\/todasponencias"}],"wp:attachment":[{"href":"https:\/\/alacip.org\/index.php?rest_route=%2Fwp%2Fv2%2Fmedia&parent=33428"}],"wp:term":[{"taxonomy":"filtro","embeddable":true,"href":"https:\/\/alacip.org\/index.php?rest_route=%2Fwp%2Fv2%2Ffiltro&post=33428"},{"taxonomy":"anocongresso","embeddable":true,"href":"https:\/\/alacip.org\/index.php?rest_route=%2Fwp%2Fv2%2Fanocongresso&post=33428"},{"taxonomy":"conginstituicion","embeddable":true,"href":"https:\/\/alacip.org\/index.php?rest_route=%2Fwp%2Fv2%2Fconginstituicion&post=33428"},{"taxonomy":"areatema","embeddable":true,"href":"https:\/\/alacip.org\/index.php?rest_route=%2Fwp%2Fv2%2Fareatema&post=33428"}],"curies":[{"name":"wp","href":"https:\/\/api.w.org\/{rel}","templated":true}]}}