{"id":33662,"date":"2020-02-05T20:52:33","date_gmt":"2020-02-05T23:52:33","guid":{"rendered":"https:\/\/alacip.org\/?post_type=todasponencias&#038;p=33662"},"modified":"2020-02-05T20:58:14","modified_gmt":"2020-02-05T23:58:14","slug":"la-secularizacion-revisitada","status":"publish","type":"todasponencias","link":"https:\/\/alacip.org\/?todasponencias=la-secularizacion-revisitada","title":{"rendered":"La secularizaci\u00f3n revisitada"},"content":{"rendered":"\n<p>La teor\u00eda  de  la secularizaci\u00f3n fue el paradigma hermen\u00e9utico del  proceso moderno en el que las   sociedades occidentales asistieron  al  eclipse  de la religi\u00f3n   en   la   vida   p\u00fablica. En   los \u00faltimos a\u00f1os, una significativa literatura de las ciencias sociales viene advirtiendo sobre    la    crisis    de    tal paradigma y sugiriendo su revisi\u00f3n. <\/p>\n\n\n\n<!--more-->\n\n\n\n<div class=\"wp-block-button aligncenter\"><a class=\"wp-block-button__link has-background has-vivid-cyan-blue-background-color\" href=\"https:\/\/alacip.org\/cong13\/1025-vallejo-7c.pdf\">Descargar Archivo<\/a><\/div>\n","protected":false},"featured_media":0,"template":"","meta":{"_genesis_hide_title":false,"_genesis_hide_breadcrumbs":false,"_genesis_hide_singular_image":false,"_genesis_hide_footer_widgets":false,"_genesis_custom_body_class":"","_genesis_custom_post_class":"","_genesis_layout":""},"filtro":[109],"anocongresso":[140],"conginstituicion":[325],"areatema":[157],"class_list":{"0":"post-33662","1":"todasponencias","2":"type-todasponencias","3":"status-publish","5":"filtro-colombia","6":"anocongresso-140","7":"conginstituicion-universidad-de-la-sabana","8":"areatema-teorpolfil","9":"entry"},"_links":{"self":[{"href":"https:\/\/alacip.org\/index.php?rest_route=\/wp\/v2\/todasponencias\/33662","targetHints":{"allow":["GET"]}}],"collection":[{"href":"https:\/\/alacip.org\/index.php?rest_route=\/wp\/v2\/todasponencias"}],"about":[{"href":"https:\/\/alacip.org\/index.php?rest_route=\/wp\/v2\/types\/todasponencias"}],"wp:attachment":[{"href":"https:\/\/alacip.org\/index.php?rest_route=%2Fwp%2Fv2%2Fmedia&parent=33662"}],"wp:term":[{"taxonomy":"filtro","embeddable":true,"href":"https:\/\/alacip.org\/index.php?rest_route=%2Fwp%2Fv2%2Ffiltro&post=33662"},{"taxonomy":"anocongresso","embeddable":true,"href":"https:\/\/alacip.org\/index.php?rest_route=%2Fwp%2Fv2%2Fanocongresso&post=33662"},{"taxonomy":"conginstituicion","embeddable":true,"href":"https:\/\/alacip.org\/index.php?rest_route=%2Fwp%2Fv2%2Fconginstituicion&post=33662"},{"taxonomy":"areatema","embeddable":true,"href":"https:\/\/alacip.org\/index.php?rest_route=%2Fwp%2Fv2%2Fareatema&post=33662"}],"curies":[{"name":"wp","href":"https:\/\/api.w.org\/{rel}","templated":true}]}}