{"id":33942,"date":"2020-02-06T20:41:58","date_gmt":"2020-02-06T23:41:58","guid":{"rendered":"https:\/\/alacip.org\/?post_type=todasponencias&#038;p=33942"},"modified":"2020-02-06T20:42:47","modified_gmt":"2020-02-06T23:42:47","slug":"modelo-para-el-diagnostico-de-la-comunicacion","status":"publish","type":"todasponencias","link":"https:\/\/alacip.org\/?todasponencias=modelo-para-el-diagnostico-de-la-comunicacion","title":{"rendered":"Modelo para el diagn\u00f3stico de la comunicaci\u00f3n pol\u00edtica gubernamental: ideas y hallazgos preliminares"},"content":{"rendered":"\n<p>La relaci\u00f3n entre comunicaci\u00f3n y pol\u00edtica es cada d\u00eda m\u00e1s latente y compleja. M\u00e1s all\u00e1 del marketing  y  la  propaganda  pol\u00edtica,  la  comunicaci\u00f3n  viene  adquiriendo  un  papel  central dentro  de  los  procesos  estrat\u00e9gicos  de  la  acci\u00f3n pol\u00edtica.  En  este  caso,  el  papel  de  la comunicaci\u00f3n  en  las  instituciones  p\u00fablicas  se  vuelve  un  objeto  de  an\u00e1lisis  en  donde  se empieza a enfatizar en los estudios de la comunicaci\u00f3n pol\u00edtica. <\/p>\n\n\n\n<!--more-->\n\n\n\n<div class=\"wp-block-button aligncenter\"><a class=\"wp-block-button__link has-background has-vivid-cyan-blue-background-color\" href=\"https:\/\/alacip.org\/cong13\/430-ruiz-7c.pdf\">Descargar Archivo<\/a><\/div>\n","protected":false},"featured_media":0,"template":"","meta":{"_genesis_hide_title":false,"_genesis_hide_breadcrumbs":false,"_genesis_hide_singular_image":false,"_genesis_hide_footer_widgets":false,"_genesis_custom_body_class":"","_genesis_custom_post_class":"","_genesis_layout":""},"filtro":[109],"anocongresso":[140],"conginstituicion":[325],"areatema":[156],"class_list":{"0":"post-33942","1":"todasponencias","2":"type-todasponencias","3":"status-publish","5":"filtro-colombia","6":"anocongresso-140","7":"conginstituicion-universidad-de-la-sabana","8":"areatema-opipub","9":"entry"},"_links":{"self":[{"href":"https:\/\/alacip.org\/index.php?rest_route=\/wp\/v2\/todasponencias\/33942","targetHints":{"allow":["GET"]}}],"collection":[{"href":"https:\/\/alacip.org\/index.php?rest_route=\/wp\/v2\/todasponencias"}],"about":[{"href":"https:\/\/alacip.org\/index.php?rest_route=\/wp\/v2\/types\/todasponencias"}],"wp:attachment":[{"href":"https:\/\/alacip.org\/index.php?rest_route=%2Fwp%2Fv2%2Fmedia&parent=33942"}],"wp:term":[{"taxonomy":"filtro","embeddable":true,"href":"https:\/\/alacip.org\/index.php?rest_route=%2Fwp%2Fv2%2Ffiltro&post=33942"},{"taxonomy":"anocongresso","embeddable":true,"href":"https:\/\/alacip.org\/index.php?rest_route=%2Fwp%2Fv2%2Fanocongresso&post=33942"},{"taxonomy":"conginstituicion","embeddable":true,"href":"https:\/\/alacip.org\/index.php?rest_route=%2Fwp%2Fv2%2Fconginstituicion&post=33942"},{"taxonomy":"areatema","embeddable":true,"href":"https:\/\/alacip.org\/index.php?rest_route=%2Fwp%2Fv2%2Fareatema&post=33942"}],"curies":[{"name":"wp","href":"https:\/\/api.w.org\/{rel}","templated":true}]}}