{"id":36155,"date":"2020-08-22T18:28:10","date_gmt":"2020-08-22T21:28:10","guid":{"rendered":"https:\/\/alacip.org\/?post_type=todasponencias&#038;p=36155"},"modified":"2020-09-15T14:33:44","modified_gmt":"2020-09-15T17:33:44","slug":"la-disciplina-de-politicas-publicas-en-mexico-y-sus-principales","status":"publish","type":"todasponencias","link":"https:\/\/alacip.org\/?todasponencias=la-disciplina-de-politicas-publicas-en-mexico-y-sus-principales","title":{"rendered":"La disciplina de pol\u00edticas p\u00fablicas en M\u00e9xico y sus principales autores"},"content":{"rendered":"\n<p>El estudio de la disciplina de pol\u00edticas p\u00fablicas en M\u00e9xico data de alrededor de tres d\u00e9cadas, durante este tiempo la producci\u00f3n acad\u00e9mica ha sido importante no s\u00f3lo en t\u00e9rminos num\u00e9ricos, sino en relaci\u00f3n con los problemas y l\u00edneas concretas de investigaci\u00f3n desarrollados por los autores introductores de la disciplina en este pa\u00eds, alojados en distintos<br>programas de licenciatura, maestr\u00eda y doctorado.<\/p>\n\n\n\n<!--more-->\n\n\n\n<div style=\"text-align:center\" class=\"wp-block-atomic-blocks-ab-button ab-block-button\"><a href=\"https:\/\/alacip.org\/cong17\/gi21-6mflopez-9c-m.pdf\" class=\"ab-button ab-button-shape-circular ab-button-size-medium\" style=\"color:#ffffff;background-color:#3373dc\">Descargar Archivo<\/a><\/div>\n","protected":false},"featured_media":0,"template":"","meta":{"_genesis_hide_title":false,"_genesis_hide_breadcrumbs":false,"_genesis_hide_singular_image":false,"_genesis_hide_footer_widgets":false,"_genesis_custom_body_class":"","_genesis_custom_post_class":"","_genesis_layout":""},"filtro":[115],"anocongresso":[586],"conginstituicion":[199],"areatema":[587,777],"class_list":{"0":"post-36155","1":"todasponencias","2":"type-todasponencias","3":"status-publish","5":"filtro-mexico","6":"anocongresso-586","7":"conginstituicion-buap","8":"areatema-politicas-publicas-comparadas","9":"areatema-politicas-publicas-comparadas-2","10":"entry"},"_links":{"self":[{"href":"https:\/\/alacip.org\/index.php?rest_route=\/wp\/v2\/todasponencias\/36155","targetHints":{"allow":["GET"]}}],"collection":[{"href":"https:\/\/alacip.org\/index.php?rest_route=\/wp\/v2\/todasponencias"}],"about":[{"href":"https:\/\/alacip.org\/index.php?rest_route=\/wp\/v2\/types\/todasponencias"}],"wp:attachment":[{"href":"https:\/\/alacip.org\/index.php?rest_route=%2Fwp%2Fv2%2Fmedia&parent=36155"}],"wp:term":[{"taxonomy":"filtro","embeddable":true,"href":"https:\/\/alacip.org\/index.php?rest_route=%2Fwp%2Fv2%2Ffiltro&post=36155"},{"taxonomy":"anocongresso","embeddable":true,"href":"https:\/\/alacip.org\/index.php?rest_route=%2Fwp%2Fv2%2Fanocongresso&post=36155"},{"taxonomy":"conginstituicion","embeddable":true,"href":"https:\/\/alacip.org\/index.php?rest_route=%2Fwp%2Fv2%2Fconginstituicion&post=36155"},{"taxonomy":"areatema","embeddable":true,"href":"https:\/\/alacip.org\/index.php?rest_route=%2Fwp%2Fv2%2Fareatema&post=36155"}],"curies":[{"name":"wp","href":"https:\/\/api.w.org\/{rel}","templated":true}]}}