{"id":36191,"date":"2020-08-23T15:58:18","date_gmt":"2020-08-23T18:58:18","guid":{"rendered":"https:\/\/alacip.org\/?post_type=todasponencias&#038;p=36191"},"modified":"2020-09-02T20:51:02","modified_gmt":"2020-09-02T23:51:02","slug":"descentralizacion-incompleta-y-recentralizacion-en-mexico","status":"publish","type":"todasponencias","link":"https:\/\/alacip.org\/?todasponencias=descentralizacion-incompleta-y-recentralizacion-en-mexico","title":{"rendered":"Descentralizaci\u00f3n incompleta y recentralizaci\u00f3n en M\u00e9xico"},"content":{"rendered":"\n<p>Con el prop\u00f3sito de lograr mayor eficiencia, hace m\u00e1s de tres d\u00e9cadas inici\u00f3 en M\u00e9xico un proceso de transferencia de poder pol\u00edtico, fiscal y administrativo (Montecinos, 2005), conocido como descentralizaci\u00f3n de funciones desde el gobierno federal hacia los gobiernos subnacionales y municipales, que en algunas \u00e1reas de la administraci\u00f3n p\u00fablica no concluy\u00f3, pues, entre otros, falt\u00f3 la voluntad pol\u00edtica para remontar obst\u00e1culos encontrados en el camino, como la falta de capacidades, la escasa capacitaci\u00f3n del personal, el condicionamiento pol\u00edtico para realizar gestiones, asignar recursos o entregarlos sin demora, la nula rendici\u00f3n de cuentas y la creciente corrupci\u00f3n<\/p>\n\n\n\n<!--more-->\n\n\n\n<div style=\"text-align:center\" class=\"wp-block-atomic-blocks-ab-button ab-block-button\"><a href=\"https:\/\/alacip.org\/cong17\/gi19-bmbahena-9c-m.pdf\" class=\"ab-button ab-button-shape-circular ab-button-size-medium\" style=\"color:#ffffff;background-color:#3373dc\">Descargar Archivo<\/a><\/div>\n","protected":false},"featured_media":0,"template":"","meta":{"_genesis_hide_title":false,"_genesis_hide_breadcrumbs":false,"_genesis_hide_singular_image":false,"_genesis_hide_footer_widgets":false,"_genesis_custom_body_class":"","_genesis_custom_post_class":"","_genesis_layout":""},"filtro":[115],"anocongresso":[586],"conginstituicion":[592],"areatema":[591],"class_list":{"0":"post-36191","1":"todasponencias","2":"type-todasponencias","3":"status-publish","5":"filtro-mexico","6":"anocongresso-586","7":"conginstituicion-instituto-politecnico-nacional-ipn","8":"areatema-politica-y-gobiernos-subnacionales-en-america-latina","9":"entry"},"_links":{"self":[{"href":"https:\/\/alacip.org\/index.php?rest_route=\/wp\/v2\/todasponencias\/36191","targetHints":{"allow":["GET"]}}],"collection":[{"href":"https:\/\/alacip.org\/index.php?rest_route=\/wp\/v2\/todasponencias"}],"about":[{"href":"https:\/\/alacip.org\/index.php?rest_route=\/wp\/v2\/types\/todasponencias"}],"wp:attachment":[{"href":"https:\/\/alacip.org\/index.php?rest_route=%2Fwp%2Fv2%2Fmedia&parent=36191"}],"wp:term":[{"taxonomy":"filtro","embeddable":true,"href":"https:\/\/alacip.org\/index.php?rest_route=%2Fwp%2Fv2%2Ffiltro&post=36191"},{"taxonomy":"anocongresso","embeddable":true,"href":"https:\/\/alacip.org\/index.php?rest_route=%2Fwp%2Fv2%2Fanocongresso&post=36191"},{"taxonomy":"conginstituicion","embeddable":true,"href":"https:\/\/alacip.org\/index.php?rest_route=%2Fwp%2Fv2%2Fconginstituicion&post=36191"},{"taxonomy":"areatema","embeddable":true,"href":"https:\/\/alacip.org\/index.php?rest_route=%2Fwp%2Fv2%2Fareatema&post=36191"}],"curies":[{"name":"wp","href":"https:\/\/api.w.org\/{rel}","templated":true}]}}