{"id":37712,"date":"2020-09-22T19:27:34","date_gmt":"2020-09-22T22:27:34","guid":{"rendered":"https:\/\/alacip.org\/?post_type=todasponencias&#038;p=37712"},"modified":"2020-10-05T09:16:25","modified_gmt":"2020-10-05T12:16:25","slug":"politicas-publicas-para-la-poblacion-afrodescendiente-del-estado","status":"publish","type":"todasponencias","link":"https:\/\/alacip.org\/?todasponencias=politicas-publicas-para-la-poblacion-afrodescendiente-del-estado","title":{"rendered":"Pol\u00edticas p\u00fablicas para la poblaci\u00f3n afrodescendiente del estado de guerrero: un estado de la cuesti\u00f3n."},"content":{"rendered":"\n<p>Esta ponencia busca encontrar una metodolog\u00eda que permita formular una propuesta de pol\u00edtica educativa al gobierno del estado de Guerrero, que contenga una estrategia para la inclusi\u00f3n de la poblaci\u00f3n afrodescendiente, y que sea una herramienta que colabore en la configuraci\u00f3n de un ambiente en d\u00f3nde las diversas culturas del estado -entre ellas la afrodescendiente-, puedan interactuar e incluirse en el desarrollo del estado y del pa\u00eds,<\/p>\n\n\n\n<!--more-->\n\n\n\n<div style=\"text-align:center\" class=\"wp-block-atomic-blocks-ab-button ab-block-button\"><a href=\"https:\/\/alacip.org\/cong15\/app-chavez8c.pdf\" class=\"ab-button ab-button-shape-circular ab-button-size-medium\" style=\"color:#ffffff;background-color:#3373dc\">Descargar Archivo<\/a><\/div>\n\n\n\n<p><\/p>\n","protected":false},"featured_media":0,"template":"","meta":{"_genesis_hide_title":false,"_genesis_hide_breadcrumbs":false,"_genesis_hide_singular_image":false,"_genesis_hide_footer_widgets":false,"_genesis_custom_body_class":"","_genesis_custom_post_class":"","_genesis_layout":""},"filtro":[116],"anocongresso":[778],"conginstituicion":[554],"areatema":[158],"class_list":{"0":"post-37712","1":"todasponencias","2":"type-todasponencias","3":"status-publish","5":"filtro-espana","6":"anocongresso-778","7":"conginstituicion-universidad-autonoma-de-madrid","8":"areatema-admpulpo","9":"entry"},"_links":{"self":[{"href":"https:\/\/alacip.org\/index.php?rest_route=\/wp\/v2\/todasponencias\/37712","targetHints":{"allow":["GET"]}}],"collection":[{"href":"https:\/\/alacip.org\/index.php?rest_route=\/wp\/v2\/todasponencias"}],"about":[{"href":"https:\/\/alacip.org\/index.php?rest_route=\/wp\/v2\/types\/todasponencias"}],"wp:attachment":[{"href":"https:\/\/alacip.org\/index.php?rest_route=%2Fwp%2Fv2%2Fmedia&parent=37712"}],"wp:term":[{"taxonomy":"filtro","embeddable":true,"href":"https:\/\/alacip.org\/index.php?rest_route=%2Fwp%2Fv2%2Ffiltro&post=37712"},{"taxonomy":"anocongresso","embeddable":true,"href":"https:\/\/alacip.org\/index.php?rest_route=%2Fwp%2Fv2%2Fanocongresso&post=37712"},{"taxonomy":"conginstituicion","embeddable":true,"href":"https:\/\/alacip.org\/index.php?rest_route=%2Fwp%2Fv2%2Fconginstituicion&post=37712"},{"taxonomy":"areatema","embeddable":true,"href":"https:\/\/alacip.org\/index.php?rest_route=%2Fwp%2Fv2%2Fareatema&post=37712"}],"curies":[{"name":"wp","href":"https:\/\/api.w.org\/{rel}","templated":true}]}}