{"id":37713,"date":"2020-09-22T20:02:56","date_gmt":"2020-09-22T23:02:56","guid":{"rendered":"https:\/\/alacip.org\/?post_type=todasponencias&#038;p=37713"},"modified":"2020-10-05T09:16:16","modified_gmt":"2020-10-05T12:16:16","slug":"la-medicion-del-capital-social-desde-la-optica-del-analisis-de","status":"publish","type":"todasponencias","link":"https:\/\/alacip.org\/?todasponencias=la-medicion-del-capital-social-desde-la-optica-del-analisis-de","title":{"rendered":"La medici\u00f3n del capital social desde la \u00f3ptica del an\u00e1lisis de redes sociales. Potencialidades de una herramienta diagn\u00f3stico para focalizar pol\u00edticas p\u00fablicas en entornos rurales."},"content":{"rendered":"\n<p>La medici\u00f3n del capital social mediante la utilizaci\u00f3n del an\u00e1lisis de redes ha crecido en forma exponencial durante los \u00faltimos a\u00f1os en al \u00e1mbito de las ciencias sociales, con considerable presencia en las \u00e1reas tem\u00e1ticas vinculadas a la evaluaci\u00f3n de pol\u00edticas p\u00fablicas y programas sociales.<\/p>\n\n\n\n<!--more-->\n\n\n\n<div style=\"text-align:center\" class=\"wp-block-atomic-blocks-ab-button ab-block-button\"><a href=\"https:\/\/alacip.org\/cong15\/app-chuchco8c.pdf\" class=\"ab-button ab-button-shape-circular ab-button-size-medium\" style=\"color:#ffffff;background-color:#3373dc\">Descargar Archivo<\/a><\/div>\n\n\n\n<p><\/p>\n","protected":false},"featured_media":0,"template":"","meta":{"_genesis_hide_title":false,"_genesis_hide_breadcrumbs":false,"_genesis_hide_singular_image":false,"_genesis_hide_footer_widgets":false,"_genesis_custom_body_class":"","_genesis_custom_post_class":"","_genesis_layout":""},"filtro":[105],"anocongresso":[778],"conginstituicion":[674],"areatema":[158],"class_list":{"0":"post-37713","1":"todasponencias","2":"type-todasponencias","3":"status-publish","5":"filtro-argentina","6":"anocongresso-778","7":"conginstituicion-universidad-nacional-de-tres-de-febrero","8":"areatema-admpulpo","9":"entry"},"_links":{"self":[{"href":"https:\/\/alacip.org\/index.php?rest_route=\/wp\/v2\/todasponencias\/37713","targetHints":{"allow":["GET"]}}],"collection":[{"href":"https:\/\/alacip.org\/index.php?rest_route=\/wp\/v2\/todasponencias"}],"about":[{"href":"https:\/\/alacip.org\/index.php?rest_route=\/wp\/v2\/types\/todasponencias"}],"wp:attachment":[{"href":"https:\/\/alacip.org\/index.php?rest_route=%2Fwp%2Fv2%2Fmedia&parent=37713"}],"wp:term":[{"taxonomy":"filtro","embeddable":true,"href":"https:\/\/alacip.org\/index.php?rest_route=%2Fwp%2Fv2%2Ffiltro&post=37713"},{"taxonomy":"anocongresso","embeddable":true,"href":"https:\/\/alacip.org\/index.php?rest_route=%2Fwp%2Fv2%2Fanocongresso&post=37713"},{"taxonomy":"conginstituicion","embeddable":true,"href":"https:\/\/alacip.org\/index.php?rest_route=%2Fwp%2Fv2%2Fconginstituicion&post=37713"},{"taxonomy":"areatema","embeddable":true,"href":"https:\/\/alacip.org\/index.php?rest_route=%2Fwp%2Fv2%2Fareatema&post=37713"}],"curies":[{"name":"wp","href":"https:\/\/api.w.org\/{rel}","templated":true}]}}