{"id":37895,"date":"2020-09-27T08:17:24","date_gmt":"2020-09-27T11:17:24","guid":{"rendered":"https:\/\/alacip.org\/?post_type=todasponencias&#038;p=37895"},"modified":"2020-10-05T09:03:53","modified_gmt":"2020-10-05T12:03:53","slug":"militancia-posliberal-organizaciones-ambientales-en-el-sur-de","status":"publish","type":"todasponencias","link":"https:\/\/alacip.org\/?todasponencias=militancia-posliberal-organizaciones-ambientales-en-el-sur-de","title":{"rendered":"Militancia  Posliberal:  Organizaciones  ambientales  en  el  sur  de  la  provincia  de C\u00f3rdoba"},"content":{"rendered":"\n<p>En Argentina la denominada \u201cd\u00e9cada Kirchnerista\u201d ha producido m\u00faltiples transformaciones de la pol\u00edtica, constituyendo rupturas con el pasado capaz de imaginar alternativas al neoliberalismo, sosteniendo la ampliaci\u00f3n de derechos generando tambi\u00e9n una nueva agenda post-liberal que produce en los t\u00e9rminos de Arditti un rebosamiento de la esfera de representaci\u00f3n.<\/p>\n\n\n\n<div style=\"text-align:center\" class=\"wp-block-atomic-blocks-ab-button ab-block-button\"><a href=\"https:\/\/alacip.org\/cong15\/pra-tomassini8c.pdf\" class=\"ab-button ab-button-shape-circular ab-button-size-medium\" style=\"color:#ffffff;background-color:#3373dc\">Descargar Archivo<\/a><\/div>\n\n\n\n<p><\/p>\n","protected":false},"featured_media":0,"template":"","meta":{"_genesis_hide_title":false,"_genesis_hide_breadcrumbs":false,"_genesis_hide_singular_image":false,"_genesis_hide_footer_widgets":false,"_genesis_custom_body_class":"","_genesis_custom_post_class":"","_genesis_layout":""},"filtro":[105],"anocongresso":[778],"conginstituicion":[521,232],"areatema":[161],"class_list":{"0":"post-37895","1":"todasponencias","2":"type-todasponencias","3":"status-publish","5":"filtro-argentina","6":"anocongresso-778","7":"conginstituicion-universidad-nacional-de-cordoba-unc","8":"conginstituicion-unvmaria","9":"areatema-participacion-representacion","10":"entry"},"_links":{"self":[{"href":"https:\/\/alacip.org\/index.php?rest_route=\/wp\/v2\/todasponencias\/37895","targetHints":{"allow":["GET"]}}],"collection":[{"href":"https:\/\/alacip.org\/index.php?rest_route=\/wp\/v2\/todasponencias"}],"about":[{"href":"https:\/\/alacip.org\/index.php?rest_route=\/wp\/v2\/types\/todasponencias"}],"wp:attachment":[{"href":"https:\/\/alacip.org\/index.php?rest_route=%2Fwp%2Fv2%2Fmedia&parent=37895"}],"wp:term":[{"taxonomy":"filtro","embeddable":true,"href":"https:\/\/alacip.org\/index.php?rest_route=%2Fwp%2Fv2%2Ffiltro&post=37895"},{"taxonomy":"anocongresso","embeddable":true,"href":"https:\/\/alacip.org\/index.php?rest_route=%2Fwp%2Fv2%2Fanocongresso&post=37895"},{"taxonomy":"conginstituicion","embeddable":true,"href":"https:\/\/alacip.org\/index.php?rest_route=%2Fwp%2Fv2%2Fconginstituicion&post=37895"},{"taxonomy":"areatema","embeddable":true,"href":"https:\/\/alacip.org\/index.php?rest_route=%2Fwp%2Fv2%2Fareatema&post=37895"}],"curies":[{"name":"wp","href":"https:\/\/api.w.org\/{rel}","templated":true}]}}