{"id":37946,"date":"2020-09-27T14:41:26","date_gmt":"2020-09-27T17:41:26","guid":{"rendered":"https:\/\/alacip.org\/?post_type=todasponencias&#038;p=37946"},"modified":"2020-10-05T08:57:51","modified_gmt":"2020-10-05T11:57:51","slug":"regulacion-de-los-medios-de-comunicacion-en-centroamerica","status":"publish","type":"todasponencias","link":"https:\/\/alacip.org\/?todasponencias=regulacion-de-los-medios-de-comunicacion-en-centroamerica","title":{"rendered":"Regulaci\u00f3n de los medios de comunicaci\u00f3n en Centroam\u00e9rica: oportunidades y desaf\u00edos"},"content":{"rendered":"\n<p>La democratizaci\u00f3n de la comunicaci\u00f3n ha puesto en el centro del debate la discusi\u00f3n sobre la concentraci\u00f3n de la propiedad de los medios como una exigencia para generar condiciones para una aut\u00e9ntica libertad de expresi\u00f3n.<\/p>\n\n\n\n<!--more-->\n\n\n\n<div style=\"text-align:center\" class=\"wp-block-atomic-blocks-ab-button ab-block-button\"><a href=\"https:\/\/alacip.org\/cong15\/int-cristancho8c.pdf\" class=\"ab-button ab-button-shape-circular ab-button-size-medium\" style=\"color:#ffffff;background-color:#3373dc\">Descargar Archivo<\/a><\/div>\n\n\n\n<p><\/p>\n","protected":false},"featured_media":0,"template":"","meta":{"_genesis_hide_title":false,"_genesis_hide_breadcrumbs":false,"_genesis_hide_singular_image":false,"_genesis_hide_footer_widgets":false,"_genesis_custom_body_class":"","_genesis_custom_post_class":"","_genesis_layout":""},"filtro":[142],"anocongresso":[778],"conginstituicion":[153],"areatema":[160],"class_list":{"0":"post-37946","1":"todasponencias","2":"type-todasponencias","3":"status-publish","5":"filtro-sem-pais","6":"anocongresso-778","7":"conginstituicion-s","8":"areatema-relaciones-internacionales","9":"entry"},"_links":{"self":[{"href":"https:\/\/alacip.org\/index.php?rest_route=\/wp\/v2\/todasponencias\/37946","targetHints":{"allow":["GET"]}}],"collection":[{"href":"https:\/\/alacip.org\/index.php?rest_route=\/wp\/v2\/todasponencias"}],"about":[{"href":"https:\/\/alacip.org\/index.php?rest_route=\/wp\/v2\/types\/todasponencias"}],"wp:attachment":[{"href":"https:\/\/alacip.org\/index.php?rest_route=%2Fwp%2Fv2%2Fmedia&parent=37946"}],"wp:term":[{"taxonomy":"filtro","embeddable":true,"href":"https:\/\/alacip.org\/index.php?rest_route=%2Fwp%2Fv2%2Ffiltro&post=37946"},{"taxonomy":"anocongresso","embeddable":true,"href":"https:\/\/alacip.org\/index.php?rest_route=%2Fwp%2Fv2%2Fanocongresso&post=37946"},{"taxonomy":"conginstituicion","embeddable":true,"href":"https:\/\/alacip.org\/index.php?rest_route=%2Fwp%2Fv2%2Fconginstituicion&post=37946"},{"taxonomy":"areatema","embeddable":true,"href":"https:\/\/alacip.org\/index.php?rest_route=%2Fwp%2Fv2%2Fareatema&post=37946"}],"curies":[{"name":"wp","href":"https:\/\/api.w.org\/{rel}","templated":true}]}}