{"id":37974,"date":"2020-09-28T12:11:39","date_gmt":"2020-09-28T15:11:39","guid":{"rendered":"https:\/\/alacip.org\/?post_type=todasponencias&#038;p=37974"},"modified":"2020-09-28T12:15:23","modified_gmt":"2020-09-28T15:15:23","slug":"el-asilo-politico-la-invencion-de-un-giro-en-el-derecho-internacional","status":"publish","type":"todasponencias","link":"https:\/\/alacip.org\/?todasponencias=el-asilo-politico-la-invencion-de-un-giro-en-el-derecho-internacional","title":{"rendered":"El asilo pol\u00edtico: La invenci\u00f3n de un giro en el Derecho Internacional"},"content":{"rendered":"\n<p>El presente texto aborda la instituci\u00f3n jur\u00eddica del asilo pol\u00edtico como un tema central del Derecho Internacional. El objetivo consiste en mostrar la similitud de esta instituci\u00f3n con el tratamiento que la prensa escrita y la literatura jur\u00eddica le brindaron al diferendo lim\u00edtrofe entre Colombia y Per\u00fa (1932 \u2013 1933).<\/p>\n\n\n\n<!--more-->\n\n\n\n<div style=\"text-align:center\" class=\"wp-block-atomic-blocks-ab-button ab-block-button\"><a href=\"https:\/\/alacip.org\/cong15\/int-diaz8c.pdf\" class=\"ab-button ab-button-shape-circular ab-button-size-medium\" style=\"color:#ffffff;background-color:#3373dc\">Descargar Archivo<\/a><\/div>\n\n\n\n<p><\/p>\n","protected":false},"featured_media":0,"template":"","meta":{"_genesis_hide_title":false,"_genesis_hide_breadcrumbs":false,"_genesis_hide_singular_image":false,"_genesis_hide_footer_widgets":false,"_genesis_custom_body_class":"","_genesis_custom_post_class":"","_genesis_layout":""},"filtro":[109],"anocongresso":[778],"conginstituicion":[271],"areatema":[160],"class_list":{"0":"post-37974","1":"todasponencias","2":"type-todasponencias","3":"status-publish","5":"filtro-colombia","6":"anocongresso-778","7":"conginstituicion-universidad-de-los-andes","8":"areatema-relaciones-internacionales","9":"entry"},"_links":{"self":[{"href":"https:\/\/alacip.org\/index.php?rest_route=\/wp\/v2\/todasponencias\/37974","targetHints":{"allow":["GET"]}}],"collection":[{"href":"https:\/\/alacip.org\/index.php?rest_route=\/wp\/v2\/todasponencias"}],"about":[{"href":"https:\/\/alacip.org\/index.php?rest_route=\/wp\/v2\/types\/todasponencias"}],"wp:attachment":[{"href":"https:\/\/alacip.org\/index.php?rest_route=%2Fwp%2Fv2%2Fmedia&parent=37974"}],"wp:term":[{"taxonomy":"filtro","embeddable":true,"href":"https:\/\/alacip.org\/index.php?rest_route=%2Fwp%2Fv2%2Ffiltro&post=37974"},{"taxonomy":"anocongresso","embeddable":true,"href":"https:\/\/alacip.org\/index.php?rest_route=%2Fwp%2Fv2%2Fanocongresso&post=37974"},{"taxonomy":"conginstituicion","embeddable":true,"href":"https:\/\/alacip.org\/index.php?rest_route=%2Fwp%2Fv2%2Fconginstituicion&post=37974"},{"taxonomy":"areatema","embeddable":true,"href":"https:\/\/alacip.org\/index.php?rest_route=%2Fwp%2Fv2%2Fareatema&post=37974"}],"curies":[{"name":"wp","href":"https:\/\/api.w.org\/{rel}","templated":true}]}}