{"id":37984,"date":"2020-09-28T18:27:40","date_gmt":"2020-09-28T21:27:40","guid":{"rendered":"https:\/\/alacip.org\/?post_type=todasponencias&#038;p=37984"},"modified":"2020-10-05T08:47:24","modified_gmt":"2020-10-05T11:47:24","slug":"el-proceso-venezolano-en-el-marco-de-la-aplicacion-de-la-tesis","status":"publish","type":"todasponencias","link":"https:\/\/alacip.org\/?todasponencias=el-proceso-venezolano-en-el-marco-de-la-aplicacion-de-la-tesis","title":{"rendered":"El proceso venezolano en el marco de la aplicaci\u00f3n de la -Tesis de la paz democr\u00e1tica &#8211; por los E.U.A. (1999-2014)"},"content":{"rendered":"\n<p>El presente trabajo, intenta comprender las razones de fondo que estar\u00edan detr\u00e1s de la sistem\u00e1tica pol\u00edtica de hostigamiento internacional contra el proceso venezolano \u2013este \u00faltimo iniciado en 1999, por el gobierno del presidente Hugo Ch\u00e1vez-; de parte del gobierno de los Estados Unidos \u2013sea de origen dem\u00f3crata o republicano-; que intenta aplicar la Tesis de la paz democr\u00e1tica, como una f\u00f3rmula de su pol\u00edtica exterior en Latinoam\u00e9rica.<\/p>\n\n\n\n<!--more-->\n\n\n\n<div style=\"text-align:center\" class=\"wp-block-atomic-blocks-ab-button ab-block-button\"><a href=\"https:\/\/alacip.org\/cong15\/int-enrique8c.pdf\" class=\"ab-button ab-button-shape-circular ab-button-size-medium\" style=\"color:#ffffff;background-color:#3373dc\">Descargar Archivo<\/a><\/div>\n\n\n\n<p><\/p>\n","protected":false},"featured_media":0,"template":"","meta":{"_genesis_hide_title":false,"_genesis_hide_breadcrumbs":false,"_genesis_hide_singular_image":false,"_genesis_hide_footer_widgets":false,"_genesis_custom_body_class":"","_genesis_custom_post_class":"","_genesis_layout":""},"filtro":[108],"anocongresso":[778],"conginstituicion":[252],"areatema":[160],"class_list":{"0":"post-37984","1":"todasponencias","2":"type-todasponencias","3":"status-publish","5":"filtro-peru","6":"anocongresso-778","7":"conginstituicion-unms-marcos","8":"areatema-relaciones-internacionales","9":"entry"},"_links":{"self":[{"href":"https:\/\/alacip.org\/index.php?rest_route=\/wp\/v2\/todasponencias\/37984","targetHints":{"allow":["GET"]}}],"collection":[{"href":"https:\/\/alacip.org\/index.php?rest_route=\/wp\/v2\/todasponencias"}],"about":[{"href":"https:\/\/alacip.org\/index.php?rest_route=\/wp\/v2\/types\/todasponencias"}],"wp:attachment":[{"href":"https:\/\/alacip.org\/index.php?rest_route=%2Fwp%2Fv2%2Fmedia&parent=37984"}],"wp:term":[{"taxonomy":"filtro","embeddable":true,"href":"https:\/\/alacip.org\/index.php?rest_route=%2Fwp%2Fv2%2Ffiltro&post=37984"},{"taxonomy":"anocongresso","embeddable":true,"href":"https:\/\/alacip.org\/index.php?rest_route=%2Fwp%2Fv2%2Fanocongresso&post=37984"},{"taxonomy":"conginstituicion","embeddable":true,"href":"https:\/\/alacip.org\/index.php?rest_route=%2Fwp%2Fv2%2Fconginstituicion&post=37984"},{"taxonomy":"areatema","embeddable":true,"href":"https:\/\/alacip.org\/index.php?rest_route=%2Fwp%2Fv2%2Fareatema&post=37984"}],"curies":[{"name":"wp","href":"https:\/\/api.w.org\/{rel}","templated":true}]}}