{"id":38024,"date":"2020-09-29T08:21:45","date_gmt":"2020-09-29T11:21:45","guid":{"rendered":"https:\/\/alacip.org\/?post_type=todasponencias&#038;p=38024"},"modified":"2020-10-05T08:35:27","modified_gmt":"2020-10-05T11:35:27","slug":"redes-transnacionales-del-movimiento-afrocolombiano-para-la","status":"publish","type":"todasponencias","link":"https:\/\/alacip.org\/?todasponencias=redes-transnacionales-del-movimiento-afrocolombiano-para-la","title":{"rendered":"Redes  transnacionales  del  movimiento  afrocolombiano  para  la  defensa  de  los Derechos Humanos2002-2010"},"content":{"rendered":"\n<p>Esta ponencia es el resultado de la investigaci\u00f3n de tesis de maestr\u00eda, realizada en la Flacso \u2013Ecuador en Ciencias Pol\u00edticas. El Pacifico colombiano es territorio hist\u00f3ricamente poblado por grupos \u00e9tnicos, especialmente afrocolombianos, <\/p>\n\n\n\n<!--more-->\n\n\n\n<div style=\"text-align:center\" class=\"wp-block-atomic-blocks-ab-button ab-block-button\"><a href=\"https:\/\/alacip.org\/cong15\/pra-galeano8c.pdf\" class=\"ab-button ab-button-shape-circular ab-button-size-medium\" style=\"color:#ffffff;background-color:#3373dc\">Descargar Archivo<\/a><\/div>\n\n\n\n<p><\/p>\n","protected":false},"featured_media":0,"template":"","meta":{"_genesis_hide_title":false,"_genesis_hide_breadcrumbs":false,"_genesis_hide_singular_image":false,"_genesis_hide_footer_widgets":false,"_genesis_custom_body_class":"","_genesis_custom_post_class":"","_genesis_layout":""},"filtro":[107],"anocongresso":[778],"conginstituicion":[276],"areatema":[161],"class_list":{"0":"post-38024","1":"todasponencias","2":"type-todasponencias","3":"status-publish","5":"filtro-equador","6":"anocongresso-778","7":"conginstituicion-flsc-flacso","8":"areatema-participacion-representacion","9":"entry"},"_links":{"self":[{"href":"https:\/\/alacip.org\/index.php?rest_route=\/wp\/v2\/todasponencias\/38024","targetHints":{"allow":["GET"]}}],"collection":[{"href":"https:\/\/alacip.org\/index.php?rest_route=\/wp\/v2\/todasponencias"}],"about":[{"href":"https:\/\/alacip.org\/index.php?rest_route=\/wp\/v2\/types\/todasponencias"}],"wp:attachment":[{"href":"https:\/\/alacip.org\/index.php?rest_route=%2Fwp%2Fv2%2Fmedia&parent=38024"}],"wp:term":[{"taxonomy":"filtro","embeddable":true,"href":"https:\/\/alacip.org\/index.php?rest_route=%2Fwp%2Fv2%2Ffiltro&post=38024"},{"taxonomy":"anocongresso","embeddable":true,"href":"https:\/\/alacip.org\/index.php?rest_route=%2Fwp%2Fv2%2Fanocongresso&post=38024"},{"taxonomy":"conginstituicion","embeddable":true,"href":"https:\/\/alacip.org\/index.php?rest_route=%2Fwp%2Fv2%2Fconginstituicion&post=38024"},{"taxonomy":"areatema","embeddable":true,"href":"https:\/\/alacip.org\/index.php?rest_route=%2Fwp%2Fv2%2Fareatema&post=38024"}],"curies":[{"name":"wp","href":"https:\/\/api.w.org\/{rel}","templated":true}]}}