{"id":38046,"date":"2020-09-29T17:29:09","date_gmt":"2020-09-29T20:29:09","guid":{"rendered":"https:\/\/alacip.org\/?post_type=todasponencias&#038;p=38046"},"modified":"2020-10-05T08:29:00","modified_gmt":"2020-10-05T11:29:00","slug":"opinion-publica-y-estigmatizacion-de-la-oposicion-durante","status":"publish","type":"todasponencias","link":"https:\/\/alacip.org\/?todasponencias=opinion-publica-y-estigmatizacion-de-la-oposicion-durante","title":{"rendered":"Opini\u00f3n p\u00fablica y estigmatizaci\u00f3n de la oposici\u00f3n durante el gobierno de \u00c1lvaro Uribe V\u00e9lez"},"content":{"rendered":"\n<p>La democracia colombiana es percibida como una de las m\u00e1s saludables de Am\u00e9rica Latina, en vista de la cantidad de mecanismos de participaci\u00f3n ciudadana que la caracterizan. Sin embargo, enmarcadas en el conflicto de profundas ra\u00edces socio-pol\u00edticas y econ\u00f3micas que vive el pa\u00eds,<\/p>\n\n\n\n<!--more-->\n\n\n\n<div style=\"text-align:center\" class=\"wp-block-atomic-blocks-ab-button ab-block-button\"><a href=\"https:\/\/alacip.org\/cong15\/pra-diaz8c.pdf\" class=\"ab-button ab-button-shape-circular ab-button-size-medium\" style=\"color:#ffffff;background-color:#3373dc\">Descargar Archivo<\/a><\/div>\n\n\n\n<p><\/p>\n","protected":false},"featured_media":0,"template":"","meta":{"_genesis_hide_title":false,"_genesis_hide_breadcrumbs":false,"_genesis_hide_singular_image":false,"_genesis_hide_footer_widgets":false,"_genesis_custom_body_class":"","_genesis_custom_post_class":"","_genesis_layout":""},"filtro":[109],"anocongresso":[778],"conginstituicion":[294],"areatema":[161],"class_list":{"0":"post-38046","1":"todasponencias","2":"type-todasponencias","3":"status-publish","5":"filtro-colombia","6":"anocongresso-778","7":"conginstituicion-undelnb-colombia","8":"areatema-participacion-representacion","9":"entry"},"_links":{"self":[{"href":"https:\/\/alacip.org\/index.php?rest_route=\/wp\/v2\/todasponencias\/38046","targetHints":{"allow":["GET"]}}],"collection":[{"href":"https:\/\/alacip.org\/index.php?rest_route=\/wp\/v2\/todasponencias"}],"about":[{"href":"https:\/\/alacip.org\/index.php?rest_route=\/wp\/v2\/types\/todasponencias"}],"wp:attachment":[{"href":"https:\/\/alacip.org\/index.php?rest_route=%2Fwp%2Fv2%2Fmedia&parent=38046"}],"wp:term":[{"taxonomy":"filtro","embeddable":true,"href":"https:\/\/alacip.org\/index.php?rest_route=%2Fwp%2Fv2%2Ffiltro&post=38046"},{"taxonomy":"anocongresso","embeddable":true,"href":"https:\/\/alacip.org\/index.php?rest_route=%2Fwp%2Fv2%2Fanocongresso&post=38046"},{"taxonomy":"conginstituicion","embeddable":true,"href":"https:\/\/alacip.org\/index.php?rest_route=%2Fwp%2Fv2%2Fconginstituicion&post=38046"},{"taxonomy":"areatema","embeddable":true,"href":"https:\/\/alacip.org\/index.php?rest_route=%2Fwp%2Fv2%2Fareatema&post=38046"}],"curies":[{"name":"wp","href":"https:\/\/api.w.org\/{rel}","templated":true}]}}