{"id":38063,"date":"2020-09-29T18:08:58","date_gmt":"2020-09-29T21:08:58","guid":{"rendered":"https:\/\/alacip.org\/?post_type=todasponencias&#038;p=38063"},"modified":"2020-10-05T08:23:16","modified_gmt":"2020-10-05T11:23:16","slug":"movimientos-sociales-en-dictaduras-los-casos-de-la-revolucion","status":"publish","type":"todasponencias","link":"https:\/\/alacip.org\/?todasponencias=movimientos-sociales-en-dictaduras-los-casos-de-la-revolucion","title":{"rendered":"Movimientos sociales en dictaduras: los casos de La Revoluci\u00f3n de los Claveles y La Primavera \u00c1rabe en Tunez"},"content":{"rendered":"\n<p>El objetivo de este trabajo es explicar el surgimiento, la efectividad y los repertorios de acci\u00f3n de los movimientos sociales bajo reg\u00edmenes dictatoriales. Para tal fin, utilizamos cinco variables que permiten ver la efectividad de los repertorios de acci\u00f3n de unmovimiento social bajo un r\u00e9gimen pol\u00edtico.<\/p>\n\n\n\n<!--more-->\n\n\n\n<div style=\"text-align:center\" class=\"wp-block-atomic-blocks-ab-button ab-block-button\"><a href=\"https:\/\/alacip.org\/cong15\/pra-carreno8c.pdf\" class=\"ab-button ab-button-shape-circular ab-button-size-medium\" style=\"color:#ffffff;background-color:#3373dc\">Descargar Archivo<\/a><\/div>\n\n\n\n<p><\/p>\n","protected":false},"featured_media":0,"template":"","meta":{"_genesis_hide_title":false,"_genesis_hide_breadcrumbs":false,"_genesis_hide_singular_image":false,"_genesis_hide_footer_widgets":false,"_genesis_custom_body_class":"","_genesis_custom_post_class":"","_genesis_layout":""},"filtro":[109],"anocongresso":[778],"conginstituicion":[348],"areatema":[161],"class_list":{"0":"post-38063","1":"todasponencias","2":"type-todasponencias","3":"status-publish","5":"filtro-colombia","6":"anocongresso-778","7":"conginstituicion-unisarboleda","8":"areatema-participacion-representacion","9":"entry"},"_links":{"self":[{"href":"https:\/\/alacip.org\/index.php?rest_route=\/wp\/v2\/todasponencias\/38063","targetHints":{"allow":["GET"]}}],"collection":[{"href":"https:\/\/alacip.org\/index.php?rest_route=\/wp\/v2\/todasponencias"}],"about":[{"href":"https:\/\/alacip.org\/index.php?rest_route=\/wp\/v2\/types\/todasponencias"}],"wp:attachment":[{"href":"https:\/\/alacip.org\/index.php?rest_route=%2Fwp%2Fv2%2Fmedia&parent=38063"}],"wp:term":[{"taxonomy":"filtro","embeddable":true,"href":"https:\/\/alacip.org\/index.php?rest_route=%2Fwp%2Fv2%2Ffiltro&post=38063"},{"taxonomy":"anocongresso","embeddable":true,"href":"https:\/\/alacip.org\/index.php?rest_route=%2Fwp%2Fv2%2Fanocongresso&post=38063"},{"taxonomy":"conginstituicion","embeddable":true,"href":"https:\/\/alacip.org\/index.php?rest_route=%2Fwp%2Fv2%2Fconginstituicion&post=38063"},{"taxonomy":"areatema","embeddable":true,"href":"https:\/\/alacip.org\/index.php?rest_route=%2Fwp%2Fv2%2Fareatema&post=38063"}],"curies":[{"name":"wp","href":"https:\/\/api.w.org\/{rel}","templated":true}]}}