{"id":38077,"date":"2020-09-29T21:17:37","date_gmt":"2020-09-30T00:17:37","guid":{"rendered":"https:\/\/alacip.org\/?post_type=todasponencias&#038;p=38077"},"modified":"2020-10-05T08:16:50","modified_gmt":"2020-10-05T11:16:50","slug":"desde-la-accion-colectiva-asoquimbo-expresion-de-resistencia","status":"publish","type":"todasponencias","link":"https:\/\/alacip.org\/?todasponencias=desde-la-accion-colectiva-asoquimbo-expresion-de-resistencia","title":{"rendered":"Desde la acci\u00f3n colectiva, Asoquimbo: expresi\u00f3n de resistencia y construcci\u00f3n desde el territorio"},"content":{"rendered":"\n<p>Asoquimbo es una organizaci\u00f3n social que nace hace 4a\u00f1os (desde el 29 de julio de 2009), en el \u00e1rea de influencia de afectaci\u00f3n del Proyecto Hidroel\u00e9ctrico El Quimbo \u2013 PHQ \u2013, ubicada en jurisdicci\u00f3n en los municipios de Gigante, Garz\u00f3n, El Agrado, Pital, Paicol y Tesalia, en el departamento del Huila, al sur deColombia.<\/p>\n\n\n\n<!--more-->\n\n\n\n<div style=\"text-align:center\" class=\"wp-block-atomic-blocks-ab-button ab-block-button\"><a href=\"https:\/\/alacip.org\/cong15\/pra-amaya8c.pdf\" class=\"ab-button ab-button-shape-circular ab-button-size-medium\" style=\"color:#ffffff;background-color:#3373dc\">Descargar Archivo<\/a><\/div>\n\n\n\n<p><\/p>\n","protected":false},"featured_media":0,"template":"","meta":{"_genesis_hide_title":false,"_genesis_hide_breadcrumbs":false,"_genesis_hide_singular_image":false,"_genesis_hide_footer_widgets":false,"_genesis_custom_body_class":"","_genesis_custom_post_class":"","_genesis_layout":""},"filtro":[109],"anocongresso":[778],"conginstituicion":[376],"areatema":[161],"class_list":{"0":"post-38077","1":"todasponencias","2":"type-todasponencias","3":"status-publish","5":"filtro-colombia","6":"anocongresso-778","7":"conginstituicion-puv-bogota","8":"areatema-participacion-representacion","9":"entry"},"_links":{"self":[{"href":"https:\/\/alacip.org\/index.php?rest_route=\/wp\/v2\/todasponencias\/38077","targetHints":{"allow":["GET"]}}],"collection":[{"href":"https:\/\/alacip.org\/index.php?rest_route=\/wp\/v2\/todasponencias"}],"about":[{"href":"https:\/\/alacip.org\/index.php?rest_route=\/wp\/v2\/types\/todasponencias"}],"wp:attachment":[{"href":"https:\/\/alacip.org\/index.php?rest_route=%2Fwp%2Fv2%2Fmedia&parent=38077"}],"wp:term":[{"taxonomy":"filtro","embeddable":true,"href":"https:\/\/alacip.org\/index.php?rest_route=%2Fwp%2Fv2%2Ffiltro&post=38077"},{"taxonomy":"anocongresso","embeddable":true,"href":"https:\/\/alacip.org\/index.php?rest_route=%2Fwp%2Fv2%2Fanocongresso&post=38077"},{"taxonomy":"conginstituicion","embeddable":true,"href":"https:\/\/alacip.org\/index.php?rest_route=%2Fwp%2Fv2%2Fconginstituicion&post=38077"},{"taxonomy":"areatema","embeddable":true,"href":"https:\/\/alacip.org\/index.php?rest_route=%2Fwp%2Fv2%2Fareatema&post=38077"}],"curies":[{"name":"wp","href":"https:\/\/api.w.org\/{rel}","templated":true}]}}