{"id":38096,"date":"2020-09-30T07:52:38","date_gmt":"2020-09-30T10:52:38","guid":{"rendered":"https:\/\/alacip.org\/?post_type=todasponencias&#038;p=38096"},"modified":"2020-09-30T07:56:23","modified_gmt":"2020-09-30T10:56:23","slug":"el-indice-de-integracion-regional-multidimensional","status":"publish","type":"todasponencias","link":"https:\/\/alacip.org\/?todasponencias=el-indice-de-integracion-regional-multidimensional","title":{"rendered":"El \u00cdndice de Integraci\u00f3n Regional Multidimensional"},"content":{"rendered":"\n<p>\u00bfC\u00f3mo medir la integraci\u00f3n regional de manera multidimensional?Este es el problema de investigaci\u00f3n que orienta el siguiente trabajo. Si bien los estudiosos de la integraci\u00f3n regional han construido distintos indicadores para su medici\u00f3n, han sido limitados sus avances en construir un indicador que permita medir la integraci\u00f3n desde una perspectiva multidimensional.<\/p>\n\n\n\n<!--more-->\n\n\n\n<div style=\"text-align:center\" class=\"wp-block-atomic-blocks-ab-button ab-block-button\"><a href=\"https:\/\/alacip.org\/cong15\/int-gonzalez-8cdiv.pdf\" class=\"ab-button ab-button-shape-circular ab-button-size-medium\" style=\"color:#ffffff;background-color:#3373dc\">Descargar Archivo<\/a><\/div>\n\n\n\n<p><\/p>\n","protected":false},"featured_media":0,"template":"","meta":{"_genesis_hide_title":false,"_genesis_hide_breadcrumbs":false,"_genesis_hide_singular_image":false,"_genesis_hide_footer_widgets":false,"_genesis_custom_body_class":"","_genesis_custom_post_class":"","_genesis_layout":""},"filtro":[103],"anocongresso":[778],"conginstituicion":[185],"areatema":[160],"class_list":{"0":"post-38096","1":"todasponencias","2":"type-todasponencias","3":"status-publish","5":"filtro-uruguai","6":"anocongresso-778","7":"conginstituicion-ur-uruguay","8":"areatema-relaciones-internacionales","9":"entry"},"_links":{"self":[{"href":"https:\/\/alacip.org\/index.php?rest_route=\/wp\/v2\/todasponencias\/38096","targetHints":{"allow":["GET"]}}],"collection":[{"href":"https:\/\/alacip.org\/index.php?rest_route=\/wp\/v2\/todasponencias"}],"about":[{"href":"https:\/\/alacip.org\/index.php?rest_route=\/wp\/v2\/types\/todasponencias"}],"wp:attachment":[{"href":"https:\/\/alacip.org\/index.php?rest_route=%2Fwp%2Fv2%2Fmedia&parent=38096"}],"wp:term":[{"taxonomy":"filtro","embeddable":true,"href":"https:\/\/alacip.org\/index.php?rest_route=%2Fwp%2Fv2%2Ffiltro&post=38096"},{"taxonomy":"anocongresso","embeddable":true,"href":"https:\/\/alacip.org\/index.php?rest_route=%2Fwp%2Fv2%2Fanocongresso&post=38096"},{"taxonomy":"conginstituicion","embeddable":true,"href":"https:\/\/alacip.org\/index.php?rest_route=%2Fwp%2Fv2%2Fconginstituicion&post=38096"},{"taxonomy":"areatema","embeddable":true,"href":"https:\/\/alacip.org\/index.php?rest_route=%2Fwp%2Fv2%2Fareatema&post=38096"}],"curies":[{"name":"wp","href":"https:\/\/api.w.org\/{rel}","templated":true}]}}