{"id":38145,"date":"2020-09-30T19:50:20","date_gmt":"2020-09-30T22:50:20","guid":{"rendered":"https:\/\/alacip.org\/?post_type=todasponencias&#038;p=38145"},"modified":"2020-10-05T08:09:58","modified_gmt":"2020-10-05T11:09:58","slug":"el-desempeno-electoral-de-los-candidatos-indigenas-a","status":"publish","type":"todasponencias","link":"https:\/\/alacip.org\/?todasponencias=el-desempeno-electoral-de-los-candidatos-indigenas-a","title":{"rendered":"El desempe\u00f1o electoral de los candidatos ind\u00edgenas a nivel subnacional: una explicaci\u00f3n a la divergencia en la efectividad de la cuota ind\u00edgena"},"content":{"rendered":"\n<p>En 1999, Gregorio Ticona se convirti\u00f3 en el primer alcalde ind\u00edgena de una capital departamental. Formado en las bases de la Federaci\u00f3n Departamental de Campesinos de Puno, Ticona fue previamente alcalde del distrito aimara de Pilcuyo (1900 \u20131992) y alcalde provincial de El Collao (Ilave) en dos oportunidades (1993 \u20131998).<\/p>\n\n\n\n<!--more-->\n\n\n\n<div style=\"text-align:center\" class=\"wp-block-atomic-blocks-ab-button ab-block-button\"><a href=\"https:\/\/alacip.org\/cong15\/pco-zavaleta8c.pdf\" class=\"ab-button ab-button-shape-circular ab-button-size-medium\" style=\"color:#ffffff;background-color:#3373dc\">Descargar Archivo<\/a><\/div>\n\n\n\n<p><\/p>\n","protected":false},"featured_media":0,"template":"","meta":{"_genesis_hide_title":false,"_genesis_hide_breadcrumbs":false,"_genesis_hide_singular_image":false,"_genesis_hide_footer_widgets":false,"_genesis_custom_body_class":"","_genesis_custom_post_class":"","_genesis_layout":""},"filtro":[108],"anocongresso":[778],"conginstituicion":[153],"areatema":[391],"class_list":{"0":"post-38145","1":"todasponencias","2":"type-todasponencias","3":"status-publish","5":"filtro-peru","6":"anocongresso-778","7":"conginstituicion-s","8":"areatema-politica-comparada","9":"entry"},"_links":{"self":[{"href":"https:\/\/alacip.org\/index.php?rest_route=\/wp\/v2\/todasponencias\/38145","targetHints":{"allow":["GET"]}}],"collection":[{"href":"https:\/\/alacip.org\/index.php?rest_route=\/wp\/v2\/todasponencias"}],"about":[{"href":"https:\/\/alacip.org\/index.php?rest_route=\/wp\/v2\/types\/todasponencias"}],"wp:attachment":[{"href":"https:\/\/alacip.org\/index.php?rest_route=%2Fwp%2Fv2%2Fmedia&parent=38145"}],"wp:term":[{"taxonomy":"filtro","embeddable":true,"href":"https:\/\/alacip.org\/index.php?rest_route=%2Fwp%2Fv2%2Ffiltro&post=38145"},{"taxonomy":"anocongresso","embeddable":true,"href":"https:\/\/alacip.org\/index.php?rest_route=%2Fwp%2Fv2%2Fanocongresso&post=38145"},{"taxonomy":"conginstituicion","embeddable":true,"href":"https:\/\/alacip.org\/index.php?rest_route=%2Fwp%2Fv2%2Fconginstituicion&post=38145"},{"taxonomy":"areatema","embeddable":true,"href":"https:\/\/alacip.org\/index.php?rest_route=%2Fwp%2Fv2%2Fareatema&post=38145"}],"curies":[{"name":"wp","href":"https:\/\/api.w.org\/{rel}","templated":true}]}}