{"id":38163,"date":"2020-09-30T20:32:57","date_gmt":"2020-09-30T23:32:57","guid":{"rendered":"https:\/\/alacip.org\/?post_type=todasponencias&#038;p=38163"},"modified":"2020-10-05T08:05:55","modified_gmt":"2020-10-05T11:05:55","slug":"os-marcos-legais-de-democratizacao-da-terra-uma-analise","status":"publish","type":"todasponencias","link":"https:\/\/alacip.org\/?todasponencias=os-marcos-legais-de-democratizacao-da-terra-uma-analise","title":{"rendered":"Os marcos legais de democratiza\u00e7\u00e3o da terra: uma an\u00e1lise comparada das Constitui\u00e7\u00f5es Brasileiras de 1934-1988"},"content":{"rendered":"\n<p>A quest\u00e3o da terra no Brasil, desde sua forma\u00e7\u00e3o (colonial), est\u00e1 profundamente enraizada na dilem\u00e1tica trajet\u00f3ria do desenvolvimento do pa\u00eds. Seu peso na arquitetura da economia nacional variou ao longo dos \u00faltimos s\u00e9culos de maneira mais r\u00e1pida e profunda que sua concentra\u00e7\u00e3o fundi\u00e1ria, seu papel como monop\u00f3lio produtor de desigualdades e seu tratamento em termos de regula\u00e7\u00e3o estatal e direito social.<\/p>\n\n\n\n<!--more-->\n\n\n\n<div style=\"text-align:center\" class=\"wp-block-atomic-blocks-ab-button ab-block-button\"><a href=\"https:\/\/alacip.org\/cong15\/pco-santos8c.pdf\" class=\"ab-button ab-button-shape-circular ab-button-size-medium\" style=\"color:#ffffff;background-color:#3373dc\">Descargar Archivo<\/a><\/div>\n\n\n\n<p><\/p>\n","protected":false},"featured_media":0,"template":"","meta":{"_genesis_hide_title":false,"_genesis_hide_breadcrumbs":false,"_genesis_hide_singular_image":false,"_genesis_hide_footer_widgets":false,"_genesis_custom_body_class":"","_genesis_custom_post_class":"","_genesis_layout":""},"filtro":[102],"anocongresso":[778],"conginstituicion":[221,339],"areatema":[391],"class_list":{"0":"post-38163","1":"todasponencias","2":"type-todasponencias","3":"status-publish","5":"filtro-brasil","6":"anocongresso-778","7":"conginstituicion-ufsao-carlos","8":"conginstituicion-uniufrj","9":"areatema-politica-comparada","10":"entry"},"_links":{"self":[{"href":"https:\/\/alacip.org\/index.php?rest_route=\/wp\/v2\/todasponencias\/38163","targetHints":{"allow":["GET"]}}],"collection":[{"href":"https:\/\/alacip.org\/index.php?rest_route=\/wp\/v2\/todasponencias"}],"about":[{"href":"https:\/\/alacip.org\/index.php?rest_route=\/wp\/v2\/types\/todasponencias"}],"wp:attachment":[{"href":"https:\/\/alacip.org\/index.php?rest_route=%2Fwp%2Fv2%2Fmedia&parent=38163"}],"wp:term":[{"taxonomy":"filtro","embeddable":true,"href":"https:\/\/alacip.org\/index.php?rest_route=%2Fwp%2Fv2%2Ffiltro&post=38163"},{"taxonomy":"anocongresso","embeddable":true,"href":"https:\/\/alacip.org\/index.php?rest_route=%2Fwp%2Fv2%2Fanocongresso&post=38163"},{"taxonomy":"conginstituicion","embeddable":true,"href":"https:\/\/alacip.org\/index.php?rest_route=%2Fwp%2Fv2%2Fconginstituicion&post=38163"},{"taxonomy":"areatema","embeddable":true,"href":"https:\/\/alacip.org\/index.php?rest_route=%2Fwp%2Fv2%2Fareatema&post=38163"}],"curies":[{"name":"wp","href":"https:\/\/api.w.org\/{rel}","templated":true}]}}