{"id":38194,"date":"2020-10-01T12:55:01","date_gmt":"2020-10-01T15:55:01","guid":{"rendered":"https:\/\/alacip.org\/?post_type=todasponencias&#038;p=38194"},"modified":"2020-10-05T08:02:27","modified_gmt":"2020-10-05T11:02:27","slug":"confianca-e-percepcao-do-executivo-na-america-estudo","status":"publish","type":"todasponencias","link":"https:\/\/alacip.org\/?todasponencias=confianca-e-percepcao-do-executivo-na-america-estudo","title":{"rendered":"Confian\u00e7a e percep\u00e7\u00e3o do executivo na Am\u00e9rica: estudo comparado entre os pa\u00edses Latino-Americanos"},"content":{"rendered":"\n<p>O presente artigo tem por finalidade discutir, com base na literatura especializada, as rela\u00e7\u00f5es institucionais de pa\u00edses da Am\u00e9rica Latina(Argentina, Brasil, Bol\u00edvia, Chile, Col\u00f4mbia, Costa Rica, El Salvador, Equador, Guatemala, Honduras, M\u00e9xico, Nicar\u00e1gua, Panam\u00e1, Paraguai, Peru, Rep\u00fablica Dominicana, Uruguai e Venezuela), pondo em foco o Executivo acerca do fen\u00f4meno do hiperpresidencialismo.<\/p>\n\n\n\n<!--more-->\n\n\n\n<div style=\"text-align:center\" class=\"wp-block-atomic-blocks-ab-button ab-block-button\"><a href=\"https:\/\/alacip.org\/cong15\/pco-goes8c.pdf\" class=\"ab-button ab-button-shape-circular ab-button-size-medium\" style=\"color:#ffffff;background-color:#3373dc\">Descargar Archivo<\/a><\/div>\n\n\n\n<p><\/p>\n","protected":false},"featured_media":0,"template":"","meta":{"_genesis_hide_title":false,"_genesis_hide_breadcrumbs":false,"_genesis_hide_singular_image":false,"_genesis_hide_footer_widgets":false,"_genesis_custom_body_class":"","_genesis_custom_post_class":"","_genesis_layout":""},"filtro":[102,115],"anocongresso":[778],"conginstituicion":[234,356],"areatema":[391],"class_list":{"0":"post-38194","1":"todasponencias","2":"type-todasponencias","3":"status-publish","5":"filtro-brasil","6":"filtro-mexico","7":"anocongresso-778","8":"conginstituicion-u-guadalajara","9":"conginstituicion-ufbahia","10":"areatema-politica-comparada","11":"entry"},"_links":{"self":[{"href":"https:\/\/alacip.org\/index.php?rest_route=\/wp\/v2\/todasponencias\/38194","targetHints":{"allow":["GET"]}}],"collection":[{"href":"https:\/\/alacip.org\/index.php?rest_route=\/wp\/v2\/todasponencias"}],"about":[{"href":"https:\/\/alacip.org\/index.php?rest_route=\/wp\/v2\/types\/todasponencias"}],"wp:attachment":[{"href":"https:\/\/alacip.org\/index.php?rest_route=%2Fwp%2Fv2%2Fmedia&parent=38194"}],"wp:term":[{"taxonomy":"filtro","embeddable":true,"href":"https:\/\/alacip.org\/index.php?rest_route=%2Fwp%2Fv2%2Ffiltro&post=38194"},{"taxonomy":"anocongresso","embeddable":true,"href":"https:\/\/alacip.org\/index.php?rest_route=%2Fwp%2Fv2%2Fanocongresso&post=38194"},{"taxonomy":"conginstituicion","embeddable":true,"href":"https:\/\/alacip.org\/index.php?rest_route=%2Fwp%2Fv2%2Fconginstituicion&post=38194"},{"taxonomy":"areatema","embeddable":true,"href":"https:\/\/alacip.org\/index.php?rest_route=%2Fwp%2Fv2%2Fareatema&post=38194"}],"curies":[{"name":"wp","href":"https:\/\/api.w.org\/{rel}","templated":true}]}}