{"id":38324,"date":"2020-10-02T15:55:06","date_gmt":"2020-10-02T18:55:06","guid":{"rendered":"https:\/\/alacip.org\/?post_type=todasponencias&#038;p=38324"},"modified":"2020-10-05T07:39:43","modified_gmt":"2020-10-05T10:39:43","slug":"retoricas-antipoliticas-discursos-pre-electorales-del-pro","status":"publish","type":"todasponencias","link":"https:\/\/alacip.org\/?todasponencias=retoricas-antipoliticas-discursos-pre-electorales-del-pro","title":{"rendered":"Ret\u00f3ricas antipol\u00edticas: discursos pre-electorales del PRO (Alianza Propuesta Republicana, Argentina)"},"content":{"rendered":"\n<p>En Argentina, el discurso neoliberal fue hegem\u00f3nico hasta el a\u00f1o 2001 cuando entr\u00f3 en crisis para ser sucedido por las configuraciones kirchneristas, que lo confrontan pol\u00e9micamente (Ver\u00f3n, 1987) configurando concepciones totalmente diferentes acerca del Estado, la pol\u00edtica y la sociedad.<\/p>\n\n\n\n<!--more-->\n\n\n\n<div style=\"text-align:center\" class=\"wp-block-atomic-blocks-ab-button ab-block-button\"><a href=\"https:\/\/alacip.org\/cong15\/oce-martinez28c.pdf\" class=\"ab-button ab-button-shape-circular ab-button-size-medium\" style=\"color:#ffffff;background-color:#3373dc\">Descargar Archivo<\/a><\/div>\n\n\n\n<p><\/p>\n","protected":false},"featured_media":0,"template":"","meta":{"_genesis_hide_title":false,"_genesis_hide_breadcrumbs":false,"_genesis_hide_singular_image":false,"_genesis_hide_footer_widgets":false,"_genesis_custom_body_class":"","_genesis_custom_post_class":"","_genesis_layout":""},"filtro":[105],"anocongresso":[778],"conginstituicion":[521,232],"areatema":[818],"class_list":{"0":"post-38324","1":"todasponencias","2":"type-todasponencias","3":"status-publish","5":"filtro-argentina","6":"anocongresso-778","7":"conginstituicion-universidad-nacional-de-cordoba-unc","8":"conginstituicion-unvmaria","9":"areatema-opinion-publica-y-comportamiento-electoral","10":"entry"},"_links":{"self":[{"href":"https:\/\/alacip.org\/index.php?rest_route=\/wp\/v2\/todasponencias\/38324","targetHints":{"allow":["GET"]}}],"collection":[{"href":"https:\/\/alacip.org\/index.php?rest_route=\/wp\/v2\/todasponencias"}],"about":[{"href":"https:\/\/alacip.org\/index.php?rest_route=\/wp\/v2\/types\/todasponencias"}],"wp:attachment":[{"href":"https:\/\/alacip.org\/index.php?rest_route=%2Fwp%2Fv2%2Fmedia&parent=38324"}],"wp:term":[{"taxonomy":"filtro","embeddable":true,"href":"https:\/\/alacip.org\/index.php?rest_route=%2Fwp%2Fv2%2Ffiltro&post=38324"},{"taxonomy":"anocongresso","embeddable":true,"href":"https:\/\/alacip.org\/index.php?rest_route=%2Fwp%2Fv2%2Fanocongresso&post=38324"},{"taxonomy":"conginstituicion","embeddable":true,"href":"https:\/\/alacip.org\/index.php?rest_route=%2Fwp%2Fv2%2Fconginstituicion&post=38324"},{"taxonomy":"areatema","embeddable":true,"href":"https:\/\/alacip.org\/index.php?rest_route=%2Fwp%2Fv2%2Fareatema&post=38324"}],"curies":[{"name":"wp","href":"https:\/\/api.w.org\/{rel}","templated":true}]}}