{"id":38362,"date":"2020-10-03T19:59:53","date_gmt":"2020-10-03T22:59:53","guid":{"rendered":"https:\/\/alacip.org\/?post_type=todasponencias&#038;p=38362"},"modified":"2020-10-05T07:35:20","modified_gmt":"2020-10-05T10:35:20","slug":"latinoamerica-y-el-proceso-internacional-de-creacion-de-la","status":"publish","type":"todasponencias","link":"https:\/\/alacip.org\/?todasponencias=latinoamerica-y-el-proceso-internacional-de-creacion-de-la","title":{"rendered":"Latinoam\u00e9rica y el proceso internacional de creaci\u00f3n de la \u201cguerra contra las drogas\u201d"},"content":{"rendered":"\n<p>En Latinoam\u00e9rica las pol\u00edticas contra el tr\u00e1fico il\u00edcito de estupefacientes, denominadas \u201clucha contra la droga\u201d, han sido estudiadas como reflejo de la dominaci\u00f3n de Estados Unidos en la regi\u00f3n. El autor toma distancia de ese enfoque y analiza particularmente la forma como los pa\u00edses andinos han adelantado acciones conjuntas para contrarrestar el problema de las drogas.<\/p>\n\n\n\n<!--more-->\n\n\n\n<div style=\"text-align:center\" class=\"wp-block-atomic-blocks-ab-button ab-block-button\"><a href=\"https:\/\/alacip.org\/cong15\/int-cruz8c.pdf\" class=\"ab-button ab-button-shape-circular ab-button-size-medium\" style=\"color:#ffffff;background-color:#3373dc\">Descargar Archivo<\/a><\/div>\n\n\n\n<p><\/p>\n","protected":false},"featured_media":0,"template":"","meta":{"_genesis_hide_title":false,"_genesis_hide_breadcrumbs":false,"_genesis_hide_singular_image":false,"_genesis_hide_footer_widgets":false,"_genesis_custom_body_class":"","_genesis_custom_post_class":"","_genesis_layout":""},"filtro":[109],"anocongresso":[778],"conginstituicion":[229],"areatema":[160],"class_list":{"0":"post-38362","1":"todasponencias","2":"type-todasponencias","3":"status-publish","5":"filtro-colombia","6":"anocongresso-778","7":"conginstituicion-uncolombia","8":"areatema-relaciones-internacionales","9":"entry"},"_links":{"self":[{"href":"https:\/\/alacip.org\/index.php?rest_route=\/wp\/v2\/todasponencias\/38362","targetHints":{"allow":["GET"]}}],"collection":[{"href":"https:\/\/alacip.org\/index.php?rest_route=\/wp\/v2\/todasponencias"}],"about":[{"href":"https:\/\/alacip.org\/index.php?rest_route=\/wp\/v2\/types\/todasponencias"}],"wp:attachment":[{"href":"https:\/\/alacip.org\/index.php?rest_route=%2Fwp%2Fv2%2Fmedia&parent=38362"}],"wp:term":[{"taxonomy":"filtro","embeddable":true,"href":"https:\/\/alacip.org\/index.php?rest_route=%2Fwp%2Fv2%2Ffiltro&post=38362"},{"taxonomy":"anocongresso","embeddable":true,"href":"https:\/\/alacip.org\/index.php?rest_route=%2Fwp%2Fv2%2Fanocongresso&post=38362"},{"taxonomy":"conginstituicion","embeddable":true,"href":"https:\/\/alacip.org\/index.php?rest_route=%2Fwp%2Fv2%2Fconginstituicion&post=38362"},{"taxonomy":"areatema","embeddable":true,"href":"https:\/\/alacip.org\/index.php?rest_route=%2Fwp%2Fv2%2Fareatema&post=38362"}],"curies":[{"name":"wp","href":"https:\/\/api.w.org\/{rel}","templated":true}]}}